{"id":17,"date":"2025-04-05T21:43:35","date_gmt":"2025-04-05T19:43:35","guid":{"rendered":"https:\/\/artak.cz\/careconnect\/?page_id=17"},"modified":"2025-04-09T15:49:26","modified_gmt":"2025-04-09T13:49:26","slug":"homepage","status":"publish","type":"page","link":"https:\/\/artak.cz\/careconnect\/","title":{"rendered":"Homepage"},"content":{"rendered":"\n<h2 class=\"wp-block-heading has-text-align-center uag-hide-desktop\">Pom\u016f\u017eeme v\u00e1m v sob\u011b probudit to nejlep\u0161\u00ed.<\/h2>\n\n\n\n<div style=\"height:60px\" aria-hidden=\"true\" class=\"wp-block-spacer uag-hide-desktop\"><\/div>\n\n\n\n<div class=\"wp-block-columns is-layout-flex wp-container-core-columns-is-layout-9d6595d7 wp-block-columns-is-layout-flex\">\n<div class=\"wp-block-column is-layout-flow wp-block-column-is-layout-flow\" style=\"flex-basis:33.33%\"><div class=\"wp-block-image\">\n<figure class=\"aligncenter size-full\"><img loading=\"lazy\" decoding=\"async\" width=\"349\" height=\"224\" src=\"https:\/\/artak.cz\/careconnect\/wp-content\/uploads\/2025\/04\/higher_goal_ico.png\" alt=\"\" class=\"wp-image-42\" srcset=\"https:\/\/artak.cz\/careconnect\/wp-content\/uploads\/2025\/04\/higher_goal_ico.png 349w, https:\/\/artak.cz\/careconnect\/wp-content\/uploads\/2025\/04\/higher_goal_ico-300x193.png 300w\" sizes=\"auto, (max-width: 349px) 100vw, 349px\" \/><\/figure>\n<\/div>\n\n\n<div style=\"height:40px\" aria-hidden=\"true\" class=\"wp-block-spacer\"><\/div>\n\n\n\n<h2 class=\"wp-block-heading has-text-align-center\">N\u00e1\u0161 nejvy\u0161\u0161\u00ed c\u00edl<\/h2>\n\n\n\n<div style=\"height:25px\" aria-hidden=\"true\" class=\"wp-block-spacer\"><\/div>\n\n\n\n<p class=\"has-text-align-center\">Umo\u017e\u0148ujeme l\u00e9ka\u0159\u016fm poskytnovat sv\u00fdm pacient\u016fm i sob\u011b sam\u00fdm v\u00fdjime\u010dnou p\u00e9\u010di a obnovovat jejich vnit\u0159n\u00ed pohodu.<\/p>\n<\/div>\n\n\n\n<div class=\"wp-block-column is-layout-flow wp-block-column-is-layout-flow\" style=\"flex-basis:33.33%\"><div class=\"wp-block-image\">\n<figure class=\"aligncenter size-full\"><img loading=\"lazy\" decoding=\"async\" width=\"349\" height=\"224\" src=\"https:\/\/artak.cz\/careconnect\/wp-content\/uploads\/2025\/04\/serve_ico.png\" alt=\"\" class=\"wp-image-44\" srcset=\"https:\/\/artak.cz\/careconnect\/wp-content\/uploads\/2025\/04\/serve_ico.png 349w, https:\/\/artak.cz\/careconnect\/wp-content\/uploads\/2025\/04\/serve_ico-300x193.png 300w\" sizes=\"auto, (max-width: 349px) 100vw, 349px\" \/><\/figure>\n<\/div>\n\n\n<div style=\"height:40px\" aria-hidden=\"true\" class=\"wp-block-spacer\"><\/div>\n\n\n\n<h2 class=\"wp-block-heading has-text-align-center\">Jak v\u00e1m pom\u016f\u017eeme<\/h2>\n\n\n\n<div style=\"height:25px\" aria-hidden=\"true\" class=\"wp-block-spacer\"><\/div>\n\n\n\n<p class=\"has-text-align-center\">CareConnect v\u00e1m p\u0159in\u00e1\u0161\u00ed softwarov\u00e9ho rehabilita\u010dn\u00edho asistenta specializovan\u00e9ho na seniory a pacienty s po\u0161kozen\u00edm mozku.<\/p>\n<\/div>\n\n\n\n<div class=\"wp-block-column is-layout-flow wp-block-column-is-layout-flow\" style=\"flex-basis:33.34%\"><div class=\"wp-block-image\">\n<figure class=\"aligncenter size-full\"><img loading=\"lazy\" decoding=\"async\" width=\"349\" height=\"224\" src=\"https:\/\/artak.cz\/careconnect\/wp-content\/uploads\/2025\/04\/useful_ico.png\" alt=\"\" class=\"wp-image-43\" srcset=\"https:\/\/artak.cz\/careconnect\/wp-content\/uploads\/2025\/04\/useful_ico.png 349w, https:\/\/artak.cz\/careconnect\/wp-content\/uploads\/2025\/04\/useful_ico-300x193.png 300w\" sizes=\"auto, (max-width: 349px) 100vw, 349px\" \/><\/figure>\n<\/div>\n\n\n<div style=\"height:40px\" aria-hidden=\"true\" class=\"wp-block-spacer\"><\/div>\n\n\n\n<h2 class=\"wp-block-heading has-text-align-center\">Pro\u010d je to u\u017eite\u010dn\u00e9<\/h2>\n\n\n\n<div style=\"height:25px\" aria-hidden=\"true\" class=\"wp-block-spacer\"><\/div>\n\n\n\n<p class=\"has-text-align-center\">Odborn\u00edkovi uleh\u010d\u00ed rozhodov\u00e1n\u00ed i b\u011b\u017enou agendu, pacient\u016fm zlep\u0161\u00ed kvalitu \u017eivota.<\/p>\n<\/div>\n<\/div>\n\n\n\n<div style=\"height:74px\" aria-hidden=\"true\" class=\"wp-block-spacer\"><\/div>\n\n\n<div class=\"wp-block-image\">\n<figure class=\"aligncenter size-full\"><img loading=\"lazy\" decoding=\"async\" width=\"1796\" height=\"59\" src=\"https:\/\/artak.cz\/careconnect\/wp-content\/uploads\/2025\/04\/careconnect-oddelovac.png\" alt=\"\" class=\"wp-image-108\" srcset=\"https:\/\/artak.cz\/careconnect\/wp-content\/uploads\/2025\/04\/careconnect-oddelovac.png 1796w, https:\/\/artak.cz\/careconnect\/wp-content\/uploads\/2025\/04\/careconnect-oddelovac-300x10.png 300w, https:\/\/artak.cz\/careconnect\/wp-content\/uploads\/2025\/04\/careconnect-oddelovac-1024x34.png 1024w, https:\/\/artak.cz\/careconnect\/wp-content\/uploads\/2025\/04\/careconnect-oddelovac-768x25.png 768w, https:\/\/artak.cz\/careconnect\/wp-content\/uploads\/2025\/04\/careconnect-oddelovac-1536x50.png 1536w\" sizes=\"auto, (max-width: 1796px) 100vw, 1796px\" \/><\/figure>\n<\/div>\n\n\n<div style=\"height:118px\" aria-hidden=\"true\" class=\"wp-block-spacer\"><\/div>\n\n\n\n<div class=\"wp-block-group has-white-color has-luminous-vivid-orange-background-color has-text-color has-background has-link-color wp-elements-67d08c59633cf8f44c1de5e6010aeeab\"><div class=\"wp-block-group__inner-container is-layout-constrained wp-block-group-is-layout-constrained\">\n<div style=\"height:52px\" aria-hidden=\"true\" class=\"wp-block-spacer\"><\/div>\n\n\n\n<h2 class=\"wp-block-heading has-text-align-center has-white-color has-text-color has-link-color wp-elements-dbdfc645dece8e1f2edd172294d08374\">What do we find in Rehabilitation-Care?<\/h2>\n\n\n\n<div style=\"height:60px\" aria-hidden=\"true\" class=\"wp-block-spacer\"><\/div>\n\n\n\n<div class=\"wp-block-uagb-info-box uagb-block-df2e3fe2 uagb-infobox__content-wrap  uagb-infobox-icon-above-title uagb-infobox-image-valign-top\"><div class=\"uagb-ifb-content\"><div class=\"uagb-ifb-icon-wrap\"><svg xmlns=\"https:\/\/www.w3.org\/2000\/svg\" viewBox=\"0 0 512 512\"><path d=\"M256 0C114.6 0 0 114.6 0 256c0 141.4 114.6 256 256 256s256-114.6 256-256C512 114.6 397.4 0 256 0zM382.6 302.6l-103.1 103.1C270.7 414.6 260.9 416 256 416c-4.881 0-14.65-1.391-22.65-9.398L129.4 302.6c-12.5-12.5-12.5-32.75 0-45.25s32.75-12.5 45.25 0L224 306.8V128c0-17.69 14.33-32 32-32s32 14.31 32 32v178.8l49.38-49.38c12.5-12.5 32.75-12.5 45.25 0S395.1 290.1 382.6 302.6z\"><\/path><\/svg><\/div><div class=\"uagb-ifb-title-wrap\"><h3 class=\"uagb-ifb-title\">N\u011bkte\u0159\u00ed lid\u00e9 \u010del\u00ed<\/h3><\/div><p class=\"uagb-ifb-desc\"> obrovsk\u00fdm v\u00fdzv\u00e1m, aby byli schopni u\u017e\u00edvat si napl\u0148uj\u00edc\u00edho osobn\u00edho a pracovn\u00edho \u017eivota.<\/p><\/div><\/div>\n\n\n\n<div class=\"wp-block-uagb-info-box uagb-block-56e4b1ea uagb-infobox__content-wrap  uagb-infobox-icon-above-title uagb-infobox-image-valign-top\"><div class=\"uagb-ifb-content\"><div class=\"uagb-ifb-icon-wrap\"><svg xmlns=\"https:\/\/www.w3.org\/2000\/svg\" viewBox=\"0 0 512 512\"><path d=\"M256 0C114.6 0 0 114.6 0 256c0 141.4 114.6 256 256 256s256-114.6 256-256C512 114.6 397.4 0 256 0zM382.6 302.6l-103.1 103.1C270.7 414.6 260.9 416 256 416c-4.881 0-14.65-1.391-22.65-9.398L129.4 302.6c-12.5-12.5-12.5-32.75 0-45.25s32.75-12.5 45.25 0L224 306.8V128c0-17.69 14.33-32 32-32s32 14.31 32 32v178.8l49.38-49.38c12.5-12.5 32.75-12.5 45.25 0S395.1 290.1 382.6 302.6z\"><\/path><\/svg><\/div><div class=\"uagb-ifb-title-wrap\"><h3 class=\"uagb-ifb-title\">V\u011bt\u0161ina l\u00e9ka\u0159\u016f se sna\u017e\u00ed<\/h3><\/div><p class=\"uagb-ifb-desc\">co nejl\u00e9pe slou\u017eit lidem, ale limituj\u00ed je nedostatek kvalitn\u00edho \u010dasu pro ka\u017ed\u00e9ho pacienta nebo p\u0159et\u00ed\u017een\u00ed velk\u00fdmi daty.<\/p><\/div><\/div>\n\n\n\n<div class=\"wp-block-uagb-info-box uagb-block-d155e4ce uagb-infobox__content-wrap  uagb-infobox-icon-above-title uagb-infobox-image-valign-top\"><div class=\"uagb-ifb-content\"><div class=\"uagb-ifb-icon-wrap\"><svg xmlns=\"https:\/\/www.w3.org\/2000\/svg\" viewBox=\"0 0 512 512\"><path d=\"M256 0C114.6 0 0 114.6 0 256c0 141.4 114.6 256 256 256s256-114.6 256-256C512 114.6 397.4 0 256 0zM382.6 302.6l-103.1 103.1C270.7 414.6 260.9 416 256 416c-4.881 0-14.65-1.391-22.65-9.398L129.4 302.6c-12.5-12.5-12.5-32.75 0-45.25s32.75-12.5 45.25 0L224 306.8V128c0-17.69 14.33-32 32-32s32 14.31 32 32v178.8l49.38-49.38c12.5-12.5 32.75-12.5 45.25 0S395.1 290.1 382.6 302.6z\"><\/path><\/svg><\/div><div class=\"uagb-ifb-title-wrap\"><h3 class=\"uagb-ifb-title\">Vytv\u00e1\u0159\u00edme n\u00e1stroje pro \u0159e\u0161en\u00ed t\u011bchto situac\u00ed.<\/h3><\/div><\/div><\/div>\n\n\n\n<div style=\"height:52px\" aria-hidden=\"true\" class=\"wp-block-spacer\"><\/div>\n<\/div><\/div>\n\n\n\n<div style=\"height:74px\" aria-hidden=\"true\" class=\"wp-block-spacer\"><\/div>\n\n\n<div class=\"wp-block-image\">\n<figure class=\"aligncenter size-full\"><img loading=\"lazy\" decoding=\"async\" width=\"1796\" height=\"59\" src=\"https:\/\/artak.cz\/careconnect\/wp-content\/uploads\/2025\/04\/careconnect-oddelovac.png\" alt=\"\" class=\"wp-image-108\" srcset=\"https:\/\/artak.cz\/careconnect\/wp-content\/uploads\/2025\/04\/careconnect-oddelovac.png 1796w, https:\/\/artak.cz\/careconnect\/wp-content\/uploads\/2025\/04\/careconnect-oddelovac-300x10.png 300w, https:\/\/artak.cz\/careconnect\/wp-content\/uploads\/2025\/04\/careconnect-oddelovac-1024x34.png 1024w, https:\/\/artak.cz\/careconnect\/wp-content\/uploads\/2025\/04\/careconnect-oddelovac-768x25.png 768w, https:\/\/artak.cz\/careconnect\/wp-content\/uploads\/2025\/04\/careconnect-oddelovac-1536x50.png 1536w\" sizes=\"auto, (max-width: 1796px) 100vw, 1796px\" \/><\/figure>\n<\/div>\n\n\n<div style=\"height:118px\" aria-hidden=\"true\" class=\"wp-block-spacer\"><\/div>\n\n\n\n<div class=\"wp-block-columns is-layout-flex wp-container-core-columns-is-layout-9d6595d7 wp-block-columns-is-layout-flex\">\n<div class=\"wp-block-column is-layout-flow wp-block-column-is-layout-flow\"><div class=\"wp-block-image\">\n<figure class=\"aligncenter size-full\"><img loading=\"lazy\" decoding=\"async\" width=\"150\" height=\"147\" src=\"https:\/\/artak.cz\/careconnect\/wp-content\/uploads\/2025\/04\/ico01.png\" alt=\"\" class=\"wp-image-95\"\/><\/figure>\n<\/div>\n\n\n<div style=\"height:25px\" aria-hidden=\"true\" class=\"wp-block-spacer\"><\/div>\n\n\n\n<h4 class=\"wp-block-heading has-text-align-center has-luminous-vivid-orange-color has-text-color has-link-color wp-elements-88c0d207958aaf94c5a83e170b07d387\">Interdisciplin\u00e1rn\u00ed prostor<\/h4>\n\n\n\n<div style=\"height:25px\" aria-hidden=\"true\" class=\"wp-block-spacer\"><\/div>\n\n\n\n<p class=\"has-text-align-center\">Konzulta\u010dn\u00ed prostor pro holistick\u00fd management dostupn\u00fd pro v\u0161echny z\u00fa\u010dastn\u011bn\u00e9 profesion\u00e1ly.<\/p>\n<\/div>\n\n\n\n<div class=\"wp-block-column is-layout-flow wp-block-column-is-layout-flow\"><div class=\"wp-block-image\">\n<figure class=\"aligncenter size-full\"><img loading=\"lazy\" decoding=\"async\" width=\"150\" height=\"147\" src=\"https:\/\/artak.cz\/careconnect\/wp-content\/uploads\/2025\/04\/ico02.png\" alt=\"\" class=\"wp-image-96\"\/><\/figure>\n<\/div>\n\n\n<div style=\"height:25px\" aria-hidden=\"true\" class=\"wp-block-spacer\"><\/div>\n\n\n\n<h4 class=\"wp-block-heading has-text-align-center has-luminous-vivid-orange-color has-text-color has-link-color wp-elements-69c840423ad5bb2a05271a7c5b0b1f51\">Rychl\u00e9, snadn\u00e9 a\u00a0komplexn\u00ed<\/h4>\n\n\n\n<div style=\"height:25px\" aria-hidden=\"true\" class=\"wp-block-spacer\"><\/div>\n\n\n\n<p class=\"has-text-align-center\">Jednodu\u0161\u0161\u00ed a rychlej\u0161\u00ed rozhodov\u00e1n\u00ed zvy\u0161uj\u00edc\u00ed kvalitu \u017eivota jak pro pacienty, tak pro klinick\u00e9 l\u00e9ka\u0159e.<\/p>\n<\/div>\n\n\n\n<div class=\"wp-block-column is-layout-flow wp-block-column-is-layout-flow\"><div class=\"wp-block-image\">\n<figure class=\"aligncenter size-full\"><img loading=\"lazy\" decoding=\"async\" width=\"150\" height=\"147\" src=\"https:\/\/artak.cz\/careconnect\/wp-content\/uploads\/2025\/04\/ico03.png\" alt=\"\" class=\"wp-image-97\"\/><\/figure>\n<\/div>\n\n\n<div style=\"height:25px\" aria-hidden=\"true\" class=\"wp-block-spacer\"><\/div>\n\n\n\n<h4 class=\"wp-block-heading has-text-align-center has-luminous-vivid-orange-color has-text-color has-link-color wp-elements-aca37fc0e485a5d73d35d9dd81925e85\">Kl\u00ed\u010dov\u00e9 body postupu l\u00e9\u010dby<\/h4>\n\n\n\n<div style=\"height:25px\" aria-hidden=\"true\" class=\"wp-block-spacer\"><\/div>\n\n\n\n<p class=\"has-text-align-center\">Vyberte si informace, kter\u00e9 pot\u0159ebujete, nebo porovn\u00e1vejte d\u00edl\u010d\u00ed pokrok jednotlivce nebo skupiny prost\u0159ednictv\u00edm kauz\u00e1ln\u00edch vztah\u016f dle va\u0161eho v\u00fdb\u011bru. Zam\u011b\u0159te se na vzorce nebo kl\u00ed\u010dov\u00e9 faktory pokroku.<\/p>\n<\/div>\n\n\n\n<div class=\"wp-block-column is-layout-flow wp-block-column-is-layout-flow\"><div class=\"wp-block-image\">\n<figure class=\"aligncenter size-full\"><img loading=\"lazy\" decoding=\"async\" width=\"150\" height=\"147\" src=\"https:\/\/artak.cz\/careconnect\/wp-content\/uploads\/2025\/04\/ico04.png\" alt=\"\" class=\"wp-image-98\"\/><\/figure>\n<\/div>\n\n\n<div style=\"height:25px\" aria-hidden=\"true\" class=\"wp-block-spacer\"><\/div>\n\n\n\n<h4 class=\"wp-block-heading has-text-align-center has-luminous-vivid-orange-color has-text-color has-link-color wp-elements-18aebde02e9f025bb80380c19e54db37\">Lep\u0161\u00ed propojen\u00ed mezi lidmi prost\u0159ednictv\u00edm automatizace<\/h4>\n\n\n\n<div style=\"height:25px\" aria-hidden=\"true\" class=\"wp-block-spacer\"><\/div>\n\n\n\n<p class=\"has-text-align-center\">Umo\u017en\u011bte v\u00edce kvalitn\u00edho \u010dasu mezi pacientem a l\u00e9ka\u0159em.<\/p>\n<\/div>\n\n\n\n<div class=\"wp-block-column is-layout-flow wp-block-column-is-layout-flow\"><div class=\"wp-block-image\">\n<figure class=\"aligncenter size-full\"><img loading=\"lazy\" decoding=\"async\" width=\"150\" height=\"147\" src=\"https:\/\/artak.cz\/careconnect\/wp-content\/uploads\/2025\/04\/ico05.png\" alt=\"\" class=\"wp-image-99\"\/><\/figure>\n<\/div>\n\n\n<div style=\"height:25px\" aria-hidden=\"true\" class=\"wp-block-spacer\"><\/div>\n\n\n\n<h4 class=\"wp-block-heading has-text-align-center has-luminous-vivid-orange-color has-text-color has-link-color wp-elements-8366a2486395a64635346c2d0620177f\">Vy i v\u00e1\u0161 klient jste jedine\u010dn\u00ed, stanovte si priority terapie<\/h4>\n\n\n\n<div style=\"height:25px\" aria-hidden=\"true\" class=\"wp-block-spacer\"><\/div>\n\n\n\n<p class=\"has-text-align-center\">P\u0159izp\u016fsobte si aplikaci, abyste mohli pohodln\u011b analyzovat v\u0161echny relevantn\u00ed informace souvisej\u00edc\u00ed s jedine\u010dn\u00fdm pacientem.<\/p>\n<\/div>\n<\/div>\n\n\n\n<div style=\"height:74px\" aria-hidden=\"true\" class=\"wp-block-spacer\"><\/div>\n\n\n<div class=\"wp-block-image\">\n<figure class=\"aligncenter size-full\"><img loading=\"lazy\" decoding=\"async\" width=\"1796\" height=\"59\" src=\"https:\/\/artak.cz\/careconnect\/wp-content\/uploads\/2025\/04\/careconnect-oddelovac.png\" alt=\"\" class=\"wp-image-108\" srcset=\"https:\/\/artak.cz\/careconnect\/wp-content\/uploads\/2025\/04\/careconnect-oddelovac.png 1796w, https:\/\/artak.cz\/careconnect\/wp-content\/uploads\/2025\/04\/careconnect-oddelovac-300x10.png 300w, https:\/\/artak.cz\/careconnect\/wp-content\/uploads\/2025\/04\/careconnect-oddelovac-1024x34.png 1024w, https:\/\/artak.cz\/careconnect\/wp-content\/uploads\/2025\/04\/careconnect-oddelovac-768x25.png 768w, https:\/\/artak.cz\/careconnect\/wp-content\/uploads\/2025\/04\/careconnect-oddelovac-1536x50.png 1536w\" sizes=\"auto, (max-width: 1796px) 100vw, 1796px\" \/><\/figure>\n<\/div>\n\n\n<div style=\"height:118px\" aria-hidden=\"true\" class=\"wp-block-spacer\"><\/div>\n\n\n\n<h1 class=\"wp-block-heading has-text-align-center\">Jak v\u00e1m pom\u016f\u017eeme:<\/h1>\n\n\n\n<div style=\"height:59px\" aria-hidden=\"true\" class=\"wp-block-spacer\"><\/div>\n\n\n\n<div class=\"wp-block-columns is-layout-flex wp-container-core-columns-is-layout-9d6595d7 wp-block-columns-is-layout-flex\">\n<div class=\"wp-block-column is-layout-flow wp-block-column-is-layout-flow\" style=\"flex-basis:33.33%\"><div class=\"wp-block-image\">\n<figure class=\"aligncenter size-full\"><img loading=\"lazy\" decoding=\"async\" width=\"449\" height=\"288\" src=\"https:\/\/artak.cz\/careconnect\/wp-content\/uploads\/2025\/04\/patient_ico.png\" alt=\"\" class=\"wp-image-120\" srcset=\"https:\/\/artak.cz\/careconnect\/wp-content\/uploads\/2025\/04\/patient_ico.png 449w, https:\/\/artak.cz\/careconnect\/wp-content\/uploads\/2025\/04\/patient_ico-300x192.png 300w\" sizes=\"auto, (max-width: 449px) 100vw, 449px\" \/><\/figure>\n<\/div>\n\n\n<div style=\"height:40px\" aria-hidden=\"true\" class=\"wp-block-spacer\"><\/div>\n\n\n\n<h2 class=\"wp-block-heading has-text-align-center has-luminous-vivid-orange-color has-text-color has-link-color wp-elements-2ebf11160d0ec7527f646ca45e9fd25f\">Pacienti, klienti a jejich rodiny<\/h2>\n\n\n\n<div style=\"height:25px\" aria-hidden=\"true\" class=\"wp-block-spacer\"><\/div>\n\n\n\n<h3 class=\"wp-block-heading has-text-align-left\"><strong>Agiln\u011bj\u0161\u00ed a proaktivn\u00ed aktualizace terapie:<\/strong><\/h3>\n\n\n\n<ul class=\"wp-block-list\">\n<li>pomohou rychleji zm\u00edrnit bolest<\/li>\n\n\n\n<li>podporuj\u00ed individu\u00e1ln\u00ed autonomii<\/li>\n\n\n\n<li>pom\u00e1haj\u00ed \u017evy\u0161ovat pacientovu mobilitu<\/li>\n\n\n\n<li>zvy\u0161uj\u00ed pacientovi sebev\u011bdom\u00ed i kvalitu \u017eivota hmatateln\u011b zlep\u0161uj\u00ed pohodu pacient\u016f<\/li>\n<\/ul>\n<\/div>\n\n\n\n<div class=\"wp-block-column is-layout-flow wp-block-column-is-layout-flow\" style=\"flex-basis:33.33%\"><div class=\"wp-block-image\">\n<figure class=\"aligncenter size-full\"><img loading=\"lazy\" decoding=\"async\" width=\"449\" height=\"288\" src=\"https:\/\/artak.cz\/careconnect\/wp-content\/uploads\/2025\/04\/doctor_ico.png\" alt=\"\" class=\"wp-image-122\" srcset=\"https:\/\/artak.cz\/careconnect\/wp-content\/uploads\/2025\/04\/doctor_ico.png 449w, https:\/\/artak.cz\/careconnect\/wp-content\/uploads\/2025\/04\/doctor_ico-300x192.png 300w\" sizes=\"auto, (max-width: 449px) 100vw, 449px\" \/><\/figure>\n<\/div>\n\n\n<div style=\"height:40px\" aria-hidden=\"true\" class=\"wp-block-spacer\"><\/div>\n\n\n\n<h2 class=\"wp-block-heading has-text-align-center has-luminous-vivid-orange-color has-text-color has-link-color wp-elements-43126ba6e27f60254ab8917fb602e164\">L\u00e9ka\u0159i, klini\u010dt\u00ed a soci\u00e1ln\u00ed pracovn\u00edci<\/h2>\n\n\n\n<div style=\"height:25px\" aria-hidden=\"true\" class=\"wp-block-spacer\"><\/div>\n\n\n\n<h3 class=\"wp-block-heading has-text-align-left\"><strong>Zvy\u0161te kvalitu \u010dasu v\u011bnovan\u00e9ho pacient\u016fm.<\/strong><\/h3>\n\n\n\n<ul class=\"wp-block-list\">\n<li>Z\u00edskejte zp\u011bt drahocenn\u00fd \u010das budov\u00e1n\u00edm pevn\u011bj\u0161\u00edch vztah\u016f s pacienty.<\/li>\n<\/ul>\n\n\n\n<h3 class=\"wp-block-heading has-text-align-left\"><strong>Z\u00edskejte snaz\u0161\u00ed a l\u00e9pe informovan\u00fd rozhodovac\u00ed proces.<\/strong><\/h3>\n\n\n\n<ul class=\"wp-block-list\">\n<li>P\u0159\u00edstup ke komplexn\u00edm dat\u016fm a p\u0159ehled\u016fm usnad\u0148uje informovan\u011bj\u0161\u00ed rozhodov\u00e1n\u00ed a spolupr\u00e1ci.<\/li>\n<\/ul>\n\n\n\n<h3 class=\"wp-block-heading has-text-align-left\"><strong>Umo\u017en\u011bte terapie pomoc\u00ed program\u016f p\u0159izp\u016fsoben\u00fdch pacientovi, a to i v dom\u00e1c\u00edm prost\u0159ed\u00ed.<\/strong><\/h3>\n\n\n\n<ul class=\"wp-block-list\">\n<li>Roz\u0161i\u0159te dosah a dopad poskytov\u00e1n\u00edm individu\u00e1ln\u00edch a skupinov\u00fdch terapi\u00ed p\u0159izp\u016fsoben\u00fdch pacient\u016fm.<\/li>\n<\/ul>\n\n\n\n<h3 class=\"wp-block-heading\"><strong>Napomozte sv\u00e9mu profesion\u00e1ln\u00edmu \u00fasp\u011bchu i osobn\u00edmu napln\u011bn\u00ed.<\/strong><\/h3>\n\n\n\n<ul class=\"wp-block-list\">\n<li>Obnoven\u00e1 \u00fa\u010delnost a spokojenost, pozorovateln\u00fd pozitivn\u00ed dopad p\u00e9\u010de na \u017eivoty pacient\u016f.<\/li>\n<\/ul>\n<\/div>\n\n\n\n<div class=\"wp-block-column is-layout-flow wp-block-column-is-layout-flow\" style=\"flex-basis:33.34%\"><div class=\"wp-block-image\">\n<figure class=\"aligncenter size-full\"><img loading=\"lazy\" decoding=\"async\" width=\"449\" height=\"288\" src=\"https:\/\/artak.cz\/careconnect\/wp-content\/uploads\/2025\/04\/hospital_ico.png\" alt=\"\" class=\"wp-image-123\" srcset=\"https:\/\/artak.cz\/careconnect\/wp-content\/uploads\/2025\/04\/hospital_ico.png 449w, https:\/\/artak.cz\/careconnect\/wp-content\/uploads\/2025\/04\/hospital_ico-300x192.png 300w\" sizes=\"auto, (max-width: 449px) 100vw, 449px\" \/><\/figure>\n<\/div>\n\n\n<div style=\"height:40px\" aria-hidden=\"true\" class=\"wp-block-spacer\"><\/div>\n\n\n\n<h2 class=\"wp-block-heading has-text-align-center has-luminous-vivid-orange-color has-text-color has-link-color wp-elements-3232fde0588fb06698530323f536523e\">Nemocnice, ve\u0159ejn\u00e1 a soukrom\u00e1 rehabilita\u010dn\u00ed st\u0159ediska<\/h2>\n\n\n\n<div style=\"height:25px\" aria-hidden=\"true\" class=\"wp-block-spacer\"><\/div>\n\n\n\n<h3 class=\"wp-block-heading has-text-align-left\">Pozitivn\u00ed dopad na pracovn\u00ed procesy a vyu\u017eit\u00ed zdroj\u016f.<\/h3>\n\n\n\n<ul class=\"wp-block-list\">\n<li>Zjednodu\u0161te provoz a zvy\u0161te efektivitu \u2013 to povede k v\u00fdrazn\u00e9mu zv\u00fd\u0161en\u00ed produktivity.<\/li>\n<\/ul>\n\n\n\n<h3 class=\"wp-block-heading\">Umo\u017en\u011bte p\u0159id\u00e1v\u00e1n\u00ed dal\u0161\u00edch slu\u017eeb v nemocnici a v dom\u00e1c\u00ed p\u00e9\u010di bez nutnosti nav\u00fd\u0161en\u00ed person\u00e1lu nebo \u00favazku soci\u00e1ln\u00edch pracovn\u00edk\u016f.<\/h3>\n\n\n\n<ul class=\"wp-block-list\">\n<li>Bezprobl\u00e9mov\u011b integrujte nov\u00e9 slu\u017eby jak v nemocnici, tak v dom\u00e1c\u00ed p\u00e9\u010di, ani\u017e byste p\u0159et\u011b\u017eovali st\u00e1vaj\u00edc\u00ed pracovn\u00ed s\u00edlu.<\/li>\n<\/ul>\n\n\n\n<h3 class=\"wp-block-heading\">Zlep\u0161ov\u00e1n\u00ed zdravotn\u00edho stavu klient\u016f zlep\u0161uje pov\u011bst centra, kter\u00e9 na\u0161e slu\u017eby vyu\u017e\u00edv\u00e1.<\/h3>\n\n\n\n<ul class=\"wp-block-list\">\n<li>Opakovan\u00fdm zlep\u0161ov\u00e1n\u00edm zdrav\u00ed klient\u016f pos\u00edl\u00edte reputaci a zlep\u0161\u00edte budov\u00e1n\u00ed d\u016fv\u011bry v r\u00e1mci komunity.<\/li>\n<\/ul>\n\n\n\n<h3 class=\"wp-block-heading\"><strong>Sni\u017eujte stres a zlep\u0161ujte n\u00e1ladu a nasazen\u00ed terapeutick\u00e9ho t\u00fdmu.<\/strong><\/h3>\n\n\n\n<ul class=\"wp-block-list\">\n<li>Sn\u00ed\u017een\u00ed stresu na pracovi\u0161ti, kultivace pozitivn\u011bj\u0161\u00edho a anga\u017eovan\u011bj\u0161\u00edho terapeutick\u00e9ho t\u00fdmu povede ke zv\u00fd\u0161en\u00e9 spokojenosti s prac\u00ed a k lep\u0161\u00ed p\u00e9\u010di o pacienty.<\/li>\n<\/ul>\n<\/div>\n<\/div>\n    <!-- sktbuilder starter --><script type=\"text\/javascript\" src=\"https:\/\/artak.cz\/careconnect\/wp-content\/plugins\/skt-builder\/sktbuilder\/sktbuilder-frontend-starter.js\"><\/script><script type=\"text\/javascript\" src=\"https:\/\/artak.cz\/careconnect\/wp-content\/plugins\/skt-builder\/sktbuilder-wordpress-driver.js\"><\/script><script type=\"text\/javascript\"> var starter = new SktbuilderStarter({\"mode\": \"prod\", \"skip\":[\"jquery\",\"underscore\",\"backbone\"],\"sktbuilderUrl\": \"https:\/\/artak.cz\/careconnect\/wp-content\/plugins\/skt-builder\/sktbuilder\/\", \"driver\": new SktbuilderWordpressDriver({\"ajaxUrl\": \"https:\/\/artak.cz\/careconnect\/wp-admin\/admin-ajax.php\", \"iframeUrl\": \"https:\/\/artak.cz\/careconnect\/?sktbuilder=true\", \"pageId\": 17, \"pages\": [], \"page\": \"Homepage\" }) });<\/script><!-- end sktbuilder starter -->","protected":false},"excerpt":{"rendered":"<p>Pom\u016f\u017eeme v\u00e1m v sob\u011b probudit to nejlep\u0161\u00ed. N\u00e1\u0161 nejvy\u0161\u0161\u00ed c\u00edl Umo\u017e\u0148ujeme l\u00e9ka\u0159\u016fm poskytnovat sv\u00fdm pacient\u016fm i sob\u011b sam\u00fdm v\u00fdjime\u010dnou p\u00e9\u010di a obnovovat jejich vnit\u0159n\u00ed pohodu. Jak v\u00e1m pom\u016f\u017eeme CareConnect v\u00e1m p\u0159in\u00e1\u0161\u00ed softwarov\u00e9ho rehabilita\u010dn\u00edho asistenta specializovan\u00e9ho na seniory a pacienty s po\u0161kozen\u00edm mozku. Pro\u010d je to u\u017eite\u010dn\u00e9 Odborn\u00edkovi uleh\u010d\u00ed rozhodov\u00e1n\u00ed i b\u011b\u017enou agendu, pacient\u016fm zlep\u0161\u00ed kvalitu<br \/><a class=\"moretag\" href=\"https:\/\/artak.cz\/careconnect\/\">+ Read More<\/a><\/p>\n","protected":false},"author":1,"featured_media":0,"parent":0,"menu_order":0,"comment_status":"closed","ping_status":"closed","template":"templates\/page-fullwidth_template.php","meta":{"_uag_custom_page_level_css":"","footnotes":""},"class_list":["post-17","page","type-page","status-publish","hentry"],"featured_image_src":false,"featured_image_src_square":false,"rbea_author_info":{"display_name":"marek","author_link":"https:\/\/artak.cz\/careconnect\/author\/marek\/"},"rbea_excerpt_info":"Pom\u016f\u017eeme v\u00e1m v sob\u011b probudit to nejlep\u0161\u00ed. N\u00e1\u0161 nejvy\u0161\u0161\u00ed c\u00edl Umo\u017e\u0148ujeme l\u00e9ka\u0159\u016fm poskytnovat sv\u00fdm pacient\u016fm i sob\u011b sam\u00fdm v\u00fdjime\u010dnou p\u00e9\u010di a obnovovat jejich vnit\u0159n\u00ed pohodu. Jak v\u00e1m pom\u016f\u017eeme CareConnect v\u00e1m p\u0159in\u00e1\u0161\u00ed softwarov\u00e9ho rehabilita\u010dn\u00edho asistenta specializovan\u00e9ho na seniory a pacienty s po\u0161kozen\u00edm mozku. Pro\u010d je to u\u017eite\u010dn\u00e9 Odborn\u00edkovi uleh\u010d\u00ed rozhodov\u00e1n\u00ed i b\u011b\u017enou agendu, pacient\u016fm zlep\u0161\u00ed kvalitu<br><a class=\"moretag\" href=\"https:\/\/artak.cz\/careconnect\/\">+ Read More<\/a>","uagb_featured_image_src":{"full":false,"thumbnail":false,"medium":false,"medium_large":false,"large":false,"1536x1536":false,"2048x2048":false,"complete_thumb":false,"footerthumb":false},"uagb_author_info":{"display_name":"marek","author_link":"https:\/\/artak.cz\/careconnect\/author\/marek\/"},"uagb_comment_info":0,"uagb_excerpt":"Pom\u016f\u017eeme v\u00e1m v sob\u011b probudit to nejlep\u0161\u00ed. N\u00e1\u0161 nejvy\u0161\u0161\u00ed c\u00edl Umo\u017e\u0148ujeme l\u00e9ka\u0159\u016fm poskytnovat sv\u00fdm pacient\u016fm i sob\u011b sam\u00fdm v\u00fdjime\u010dnou p\u00e9\u010di a obnovovat jejich vnit\u0159n\u00ed pohodu. Jak v\u00e1m pom\u016f\u017eeme CareConnect v\u00e1m p\u0159in\u00e1\u0161\u00ed softwarov\u00e9ho rehabilita\u010dn\u00edho asistenta specializovan\u00e9ho na seniory a pacienty s po\u0161kozen\u00edm mozku. Pro\u010d je to u\u017eite\u010dn\u00e9 Odborn\u00edkovi uleh\u010d\u00ed rozhodov\u00e1n\u00ed i b\u011b\u017enou agendu, pacient\u016fm zlep\u0161\u00ed kvalitu+&hellip;","_links":{"self":[{"href":"https:\/\/artak.cz\/careconnect\/wp-json\/wp\/v2\/pages\/17","targetHints":{"allow":["GET"]}}],"collection":[{"href":"https:\/\/artak.cz\/careconnect\/wp-json\/wp\/v2\/pages"}],"about":[{"href":"https:\/\/artak.cz\/careconnect\/wp-json\/wp\/v2\/types\/page"}],"author":[{"embeddable":true,"href":"https:\/\/artak.cz\/careconnect\/wp-json\/wp\/v2\/users\/1"}],"replies":[{"embeddable":true,"href":"https:\/\/artak.cz\/careconnect\/wp-json\/wp\/v2\/comments?post=17"}],"version-history":[{"count":45,"href":"https:\/\/artak.cz\/careconnect\/wp-json\/wp\/v2\/pages\/17\/revisions"}],"predecessor-version":[{"id":148,"href":"https:\/\/artak.cz\/careconnect\/wp-json\/wp\/v2\/pages\/17\/revisions\/148"}],"wp:attachment":[{"href":"https:\/\/artak.cz\/careconnect\/wp-json\/wp\/v2\/media?parent=17"}],"curies":[{"name":"wp","href":"https:\/\/api.w.org\/{rel}","templated":true}]}}